{"id":120,"date":"2022-09-11T20:39:25","date_gmt":"2022-09-11T18:39:25","guid":{"rendered":"http:\/\/mjcveynes.fr\/?page_id=120"},"modified":"2024-08-29T12:09:48","modified_gmt":"2024-08-29T10:09:48","slug":"danses-classique-et-contemporaine","status":"publish","type":"page","link":"https:\/\/mjcveynes.fr\/index.php\/danses-classique-et-contemporaine\/","title":{"rendered":"Danses classique et contemporaine"},"content":{"rendered":"\t\t<div data-elementor-type=\"wp-page\" data-elementor-id=\"120\" class=\"elementor elementor-120\">\n\t\t\t\t\t\t<section class=\"elementor-section elementor-top-section elementor-element elementor-element-0305f7e elementor-section-boxed elementor-section-height-default elementor-section-height-default\" data-id=\"0305f7e\" data-element_type=\"section\">\n\t\t\t\t\t\t<div class=\"elementor-container elementor-column-gap-default\">\n\t\t\t\t\t<div class=\"elementor-column elementor-col-100 elementor-top-column elementor-element elementor-element-a0395f4\" data-id=\"a0395f4\" data-element_type=\"column\">\n\t\t\t<div class=\"elementor-widget-wrap elementor-element-populated\">\n\t\t\t\t\t\t<div class=\"elementor-element elementor-element-af533d3 elementor-widget elementor-widget-image\" data-id=\"af533d3\" data-element_type=\"widget\" data-widget_type=\"image.default\">\n\t\t\t\t<div class=\"elementor-widget-container\">\n\t\t\t<style>\/*! elementor - v3.23.0 - 05-08-2024 *\/\n.elementor-widget-image{text-align:center}.elementor-widget-image a{display:inline-block}.elementor-widget-image a img[src$=\".svg\"]{width:48px}.elementor-widget-image img{vertical-align:middle;display:inline-block}<\/style>\t\t\t\t\t\t\t\t\t\t<img fetchpriority=\"high\" decoding=\"async\" width=\"1024\" height=\"413\" src=\"https:\/\/mjcveynes.fr\/wp-content\/uploads\/2024\/08\/IMG_1481-1024x413.jpeg\" class=\"attachment-large size-large wp-image-1245\" alt=\"\" srcset=\"https:\/\/mjcveynes.fr\/wp-content\/uploads\/2024\/08\/IMG_1481-1024x413.jpeg 1024w, https:\/\/mjcveynes.fr\/wp-content\/uploads\/2024\/08\/IMG_1481-300x121.jpeg 300w, https:\/\/mjcveynes.fr\/wp-content\/uploads\/2024\/08\/IMG_1481-768x310.jpeg 768w, https:\/\/mjcveynes.fr\/wp-content\/uploads\/2024\/08\/IMG_1481-1536x620.jpeg 1536w, https:\/\/mjcveynes.fr\/wp-content\/uploads\/2024\/08\/IMG_1481-1320x532.jpeg 1320w, https:\/\/mjcveynes.fr\/wp-content\/uploads\/2024\/08\/IMG_1481.jpeg 1780w\" sizes=\"(max-width: 1024px) 100vw, 1024px\" \/>\t\t\t\t\t\t\t\t\t\t\t\t\t<\/div>\n\t\t\t\t<\/div>\n\t\t\t\t\t<\/div>\n\t\t<\/div>\n\t\t\t\t\t<\/div>\n\t\t<\/section>\n\t\t\t\t<section class=\"elementor-section elementor-top-section elementor-element elementor-element-466699c elementor-section-boxed elementor-section-height-default elementor-section-height-default\" data-id=\"466699c\" data-element_type=\"section\">\n\t\t\t\t\t\t<div class=\"elementor-container elementor-column-gap-default\">\n\t\t\t\t\t<div class=\"elementor-column elementor-col-100 elementor-top-column elementor-element elementor-element-6b31d05\" data-id=\"6b31d05\" data-element_type=\"column\">\n\t\t\t<div class=\"elementor-widget-wrap elementor-element-populated\">\n\t\t\t\t\t\t<div class=\"elementor-element elementor-element-b9f868d elementor-widget elementor-widget-text-editor\" data-id=\"b9f868d\" data-element_type=\"widget\" data-widget_type=\"text-editor.default\">\n\t\t\t\t<div class=\"elementor-widget-container\">\n\t\t\t<style>\/*! elementor - v3.23.0 - 05-08-2024 *\/\n.elementor-widget-text-editor.elementor-drop-cap-view-stacked .elementor-drop-cap{background-color:#69727d;color:#fff}.elementor-widget-text-editor.elementor-drop-cap-view-framed .elementor-drop-cap{color:#69727d;border:3px solid;background-color:transparent}.elementor-widget-text-editor:not(.elementor-drop-cap-view-default) .elementor-drop-cap{margin-top:8px}.elementor-widget-text-editor:not(.elementor-drop-cap-view-default) .elementor-drop-cap-letter{width:1em;height:1em}.elementor-widget-text-editor .elementor-drop-cap{float:left;text-align:center;line-height:1;font-size:50px}.elementor-widget-text-editor .elementor-drop-cap-letter{display:inline-block}<\/style>\t\t\t\t<h3>Danse \u00e9veil:<\/h3>\n<p>Le cours d&rsquo;\u00e9veil(4 \u00e0 6 ans) est construit autour de la d\u00e9couverte du mouvement, de son corps, de la musique, de la sc\u00e8ne et des autres. Il s&rsquo;agit d&rsquo;une invitation \u00e0 la danse \u00e0 travers des activit\u00e9s de psychomotricit\u00e9, de rythme de cr\u00e9ativit\u00e9 et de m\u00e9morisation de chor\u00e9graphies.\u00a0\u00a0\u00a0\u00a0\u00a0\u00a0\u00a0\u00a0\u00a0\u00a0\u00a0\u00a0\u00a0\u00a0\u00a0\u00a0\u00a0\u00a0\u00a0\u00a0\u00a0\u00a0\u00a0\u00a0\u00a0\u00a0\u00a0\u00a0\u00a0\u00a0\u00a0\u00a0\u00a0\u00a0\u00a0\u00a0\u00a0 C&rsquo;est une accumulation d&rsquo;\u00e9l\u00e9ments fondateurs qui pr\u00e9parent \u00e0 l&rsquo;apprentissage des diff\u00e9rentes esth\u00e9tiques de danse(classique, contemporain ou Jazz). Cours de danse Classique et Contemporaine o\u00f9 apprentissage rime avec plaisir, partage et bonne humeur.<\/p>\n<p><!-- \/wp:heading --><!-- wp:paragraph --><\/p>\t\t\t\t\t\t<\/div>\n\t\t\t\t<\/div>\n\t\t\t\t\t<\/div>\n\t\t<\/div>\n\t\t\t\t\t<\/div>\n\t\t<\/section>\n\t\t\t\t<section class=\"elementor-section elementor-top-section elementor-element elementor-element-16c0e55 elementor-section-boxed elementor-section-height-default elementor-section-height-default\" data-id=\"16c0e55\" data-element_type=\"section\">\n\t\t\t\t\t\t<div class=\"elementor-container elementor-column-gap-default\">\n\t\t\t\t\t<div class=\"elementor-column elementor-col-100 elementor-top-column elementor-element elementor-element-943b84a\" data-id=\"943b84a\" data-element_type=\"column\">\n\t\t\t<div class=\"elementor-widget-wrap elementor-element-populated\">\n\t\t\t\t\t\t<div class=\"elementor-element elementor-element-b933f5d elementor-widget elementor-widget-image\" data-id=\"b933f5d\" data-element_type=\"widget\" data-widget_type=\"image.default\">\n\t\t\t\t<div class=\"elementor-widget-container\">\n\t\t\t\t\t\t\t\t\t\t\t\t\t<img decoding=\"async\" width=\"1024\" height=\"420\" src=\"https:\/\/mjcveynes.fr\/wp-content\/uploads\/2024\/08\/IMG_1482-1024x420.jpeg\" class=\"attachment-large size-large wp-image-1244\" alt=\"\" srcset=\"https:\/\/mjcveynes.fr\/wp-content\/uploads\/2024\/08\/IMG_1482-1024x420.jpeg 1024w, https:\/\/mjcveynes.fr\/wp-content\/uploads\/2024\/08\/IMG_1482-300x123.jpeg 300w, https:\/\/mjcveynes.fr\/wp-content\/uploads\/2024\/08\/IMG_1482-768x315.jpeg 768w, https:\/\/mjcveynes.fr\/wp-content\/uploads\/2024\/08\/IMG_1482-1536x630.jpeg 1536w, https:\/\/mjcveynes.fr\/wp-content\/uploads\/2024\/08\/IMG_1482-1320x541.jpeg 1320w, https:\/\/mjcveynes.fr\/wp-content\/uploads\/2024\/08\/IMG_1482.jpeg 1781w\" sizes=\"(max-width: 1024px) 100vw, 1024px\" \/>\t\t\t\t\t\t\t\t\t\t\t\t\t<\/div>\n\t\t\t\t<\/div>\n\t\t\t\t\t<\/div>\n\t\t<\/div>\n\t\t\t\t\t<\/div>\n\t\t<\/section>\n\t\t\t\t<section class=\"elementor-section elementor-top-section elementor-element elementor-element-1c35f8f elementor-section-boxed elementor-section-height-default elementor-section-height-default\" data-id=\"1c35f8f\" data-element_type=\"section\">\n\t\t\t\t\t\t<div class=\"elementor-container elementor-column-gap-default\">\n\t\t\t\t\t<div class=\"elementor-column elementor-col-100 elementor-top-column elementor-element elementor-element-5c219d5\" data-id=\"5c219d5\" data-element_type=\"column\">\n\t\t\t<div class=\"elementor-widget-wrap elementor-element-populated\">\n\t\t\t\t\t\t<div class=\"elementor-element elementor-element-ce89a1d elementor-widget elementor-widget-text-editor\" data-id=\"ce89a1d\" data-element_type=\"widget\" data-widget_type=\"text-editor.default\">\n\t\t\t\t<div class=\"elementor-widget-container\">\n\t\t\t\t\t\t\t<h3>Danse Classique\u00a0:<\/h3>\n<p><!-- \/wp:heading --><!-- wp:paragraph --><\/p>\n<p>elle se fonde sur\u00a0\u00ab\u00a0l&rsquo;en dehors\u00a0\u00bb\u00a0: ouverture des hanches et des jambes vers l&rsquo;ext\u00e9rieur, permettant ainsi une plus grande amplitude de mouvement. \u00a0\u00a0 Il s&rsquo;agit d&rsquo;un travail du maintien du\u00a0 corps, de l&rsquo;allure\u00a0; m\u00e9lange de tonicit\u00e9 et de souplesse ainsi qu&rsquo;un travail sp\u00e9cifique des pointes qui demande une grande force musculaire.<\/p>\n<p><!-- \/wp:paragraph --><!-- wp:paragraph --><\/p>\n<p>Travail\u00a0 \u00a0de la sc\u00e8ne concr\u00e9tis\u00e9 par un spectacle au mois de juin r\u00e9unissant tous les danseurs quelque soit leur niveau et leur age.<\/p>\n<p><!-- \/wp:paragraph --><!-- wp:paragraph --><\/p>\n<p>Au del\u00e0 de tout cela, les objectifs humains sont multiples\u00a0: aider l&rsquo;enfant ou l&rsquo;adulte \u00e0 s&rsquo;\u00e9panouir, \u00e0 mieux se conna\u00eetre et s&rsquo;accepter, \u00e0 rentrer en communication avec les autres, \u00e0 d\u00e9couvrir un univers artistique qui va aiguiser sa curiosit\u00e9, l&rsquo;ouvrir sur d&rsquo;autres formes d&rsquo;expressions et devenir un public plus averti<\/p>\t\t\t\t\t\t<\/div>\n\t\t\t\t<\/div>\n\t\t\t\t\t<\/div>\n\t\t<\/div>\n\t\t\t\t\t<\/div>\n\t\t<\/section>\n\t\t\t\t<section class=\"elementor-section elementor-top-section elementor-element elementor-element-f9c5025 elementor-section-boxed elementor-section-height-default elementor-section-height-default\" data-id=\"f9c5025\" data-element_type=\"section\">\n\t\t\t\t\t\t<div class=\"elementor-container elementor-column-gap-default\">\n\t\t\t\t\t<div class=\"elementor-column elementor-col-100 elementor-top-column elementor-element elementor-element-0d2a567\" data-id=\"0d2a567\" data-element_type=\"column\">\n\t\t\t<div class=\"elementor-widget-wrap elementor-element-populated\">\n\t\t\t\t\t\t<div class=\"elementor-element elementor-element-ec1efb5 elementor-widget elementor-widget-image\" data-id=\"ec1efb5\" data-element_type=\"widget\" data-widget_type=\"image.default\">\n\t\t\t\t<div class=\"elementor-widget-container\">\n\t\t\t\t\t\t\t\t\t\t\t\t\t<img decoding=\"async\" width=\"1024\" height=\"425\" src=\"https:\/\/mjcveynes.fr\/wp-content\/uploads\/2024\/08\/IMG_1483-1024x425.jpeg\" class=\"attachment-large size-large wp-image-1243\" alt=\"\" srcset=\"https:\/\/mjcveynes.fr\/wp-content\/uploads\/2024\/08\/IMG_1483-1024x425.jpeg 1024w, https:\/\/mjcveynes.fr\/wp-content\/uploads\/2024\/08\/IMG_1483-300x124.jpeg 300w, https:\/\/mjcveynes.fr\/wp-content\/uploads\/2024\/08\/IMG_1483-768x319.jpeg 768w, https:\/\/mjcveynes.fr\/wp-content\/uploads\/2024\/08\/IMG_1483-1536x637.jpeg 1536w, https:\/\/mjcveynes.fr\/wp-content\/uploads\/2024\/08\/IMG_1483-1320x547.jpeg 1320w, https:\/\/mjcveynes.fr\/wp-content\/uploads\/2024\/08\/IMG_1483.jpeg 1777w\" sizes=\"(max-width: 1024px) 100vw, 1024px\" \/>\t\t\t\t\t\t\t\t\t\t\t\t\t<\/div>\n\t\t\t\t<\/div>\n\t\t\t\t\t<\/div>\n\t\t<\/div>\n\t\t\t\t\t<\/div>\n\t\t<\/section>\n\t\t\t\t<section class=\"elementor-section elementor-top-section elementor-element elementor-element-7f88f63 elementor-section-boxed elementor-section-height-default elementor-section-height-default\" data-id=\"7f88f63\" data-element_type=\"section\">\n\t\t\t\t\t\t<div class=\"elementor-container elementor-column-gap-default\">\n\t\t\t\t\t<div class=\"elementor-column elementor-col-100 elementor-top-column elementor-element elementor-element-ce6f7f0\" data-id=\"ce6f7f0\" data-element_type=\"column\">\n\t\t\t<div class=\"elementor-widget-wrap elementor-element-populated\">\n\t\t\t\t\t\t<div class=\"elementor-element elementor-element-28eedf3 elementor-widget elementor-widget-text-editor\" data-id=\"28eedf3\" data-element_type=\"widget\" data-widget_type=\"text-editor.default\">\n\t\t\t\t<div class=\"elementor-widget-container\">\n\t\t\t\t\t\t\t<h3>Danse Contemporaine&nbsp;:<\/h3>\n<p><!-- \/wp:heading --><!-- wp:paragraph --><\/p>\n<p>ses fondements reposent sur le dynamisme, le retour aux mouvements naturels sublim\u00e9s&nbsp;: le \u00ab ressenti \u00ab, ainsi que sur les principes de l&rsquo;expressionnisme. La danse contemporaine ne pr\u00e9tend pas d\u00e9gager une technique unitaire et codifi\u00e9e \u00e0 l&rsquo;image de la danse classique.<\/p><p>Elle est bas\u00e9e sur quatre donn\u00e9es&nbsp;: le temps, l&rsquo;espace, le corps et les sentiments. Ces principaux fondamentaux sont la chute, l&rsquo;\u00e9quilibre, le d\u00e9s\u00e9quilibre, l&rsquo;inspiration, l&rsquo;expiration, la contraction, le rel\u00e2chement, et les d\u00e9placements sur diff\u00e9rentes \u00e9nergies. Durant les cours, l&rsquo;\u00e9l\u00e8ve peut \u00e0 un moment exprimer sa propre cr\u00e9ativit\u00e9 \u00e0 travers un atelier chor\u00e9graphique. <br><\/p><p>D\u00e9roulement d&rsquo;un cours&nbsp;:<br>&nbsp; &nbsp; &nbsp; &nbsp; Travail au sol&nbsp;: \u00e9chauffement, \u00e9longation du corps et placement.<br>&nbsp; &nbsp; &nbsp; &nbsp; La Barre&nbsp;: recherche de l&rsquo;\u00e9nergie, de l&rsquo;\u00e9quilibre et du placement.<br>&nbsp; &nbsp; &nbsp; &nbsp; Encha\u00eenement&nbsp;: Variation&nbsp;: suite de pas composant une danse(travail de m\u00e9moire, de technique et d&rsquo;endurance).<\/p>\t\t\t\t\t\t<\/div>\n\t\t\t\t<\/div>\n\t\t\t\t\t<\/div>\n\t\t<\/div>\n\t\t\t\t\t<\/div>\n\t\t<\/section>\n\t\t\t\t<\/div>\n\t\t","protected":false},"excerpt":{"rendered":"<p>Danse \u00e9veil: Le cours d&rsquo;\u00e9veil(4 \u00e0 6 ans) est construit autour de la d\u00e9couverte du mouvement, de son corps, de la musique, de la sc\u00e8ne et des autres. Il s&rsquo;agit d&rsquo;une invitation \u00e0 la danse \u00e0 travers des activit\u00e9s de psychomotricit\u00e9, de rythme de cr\u00e9ativit\u00e9 et de m\u00e9morisation de chor\u00e9graphies.\u00a0\u00a0\u00a0\u00a0\u00a0\u00a0\u00a0\u00a0\u00a0\u00a0\u00a0\u00a0\u00a0\u00a0\u00a0\u00a0\u00a0\u00a0\u00a0\u00a0\u00a0\u00a0\u00a0\u00a0\u00a0\u00a0\u00a0\u00a0\u00a0\u00a0\u00a0\u00a0\u00a0\u00a0\u00a0\u00a0\u00a0 C&rsquo;est une accumulation d&rsquo;\u00e9l\u00e9ments fondateurs [&hellip;]<\/p>\n","protected":false},"author":1,"featured_media":310,"parent":0,"menu_order":0,"comment_status":"closed","ping_status":"closed","template":"","meta":{"footnotes":""},"class_list":["post-120","page","type-page","status-publish","has-post-thumbnail","hentry"],"yoast_head":"<!-- This site is optimized with the Yoast SEO plugin v23.3 - https:\/\/yoast.com\/wordpress\/plugins\/seo\/ -->\n<title>Danses classique et contemporaine - MJC Veynes<\/title>\n<meta name=\"robots\" content=\"index, follow, max-snippet:-1, max-image-preview:large, max-video-preview:-1\" \/>\n<link rel=\"canonical\" href=\"https:\/\/mjcveynes.fr\/index.php\/danses-classique-et-contemporaine\/\" \/>\n<meta property=\"og:locale\" content=\"fr_FR\" \/>\n<meta property=\"og:type\" content=\"article\" \/>\n<meta property=\"og:title\" content=\"Danses classique et contemporaine - MJC Veynes\" \/>\n<meta property=\"og:description\" content=\"Danse \u00e9veil: Le cours d&rsquo;\u00e9veil(4 \u00e0 6 ans) est construit autour de la d\u00e9couverte du mouvement, de son corps, de la musique, de la sc\u00e8ne et des autres. Il s&rsquo;agit d&rsquo;une invitation \u00e0 la danse \u00e0 travers des activit\u00e9s de psychomotricit\u00e9, de rythme de cr\u00e9ativit\u00e9 et de m\u00e9morisation de chor\u00e9graphies.\u00a0\u00a0\u00a0\u00a0\u00a0\u00a0\u00a0\u00a0\u00a0\u00a0\u00a0\u00a0\u00a0\u00a0\u00a0\u00a0\u00a0\u00a0\u00a0\u00a0\u00a0\u00a0\u00a0\u00a0\u00a0\u00a0\u00a0\u00a0\u00a0\u00a0\u00a0\u00a0\u00a0\u00a0\u00a0\u00a0\u00a0 C&rsquo;est une accumulation d&rsquo;\u00e9l\u00e9ments fondateurs [&hellip;]\" \/>\n<meta property=\"og:url\" content=\"https:\/\/mjcveynes.fr\/index.php\/danses-classique-et-contemporaine\/\" \/>\n<meta property=\"og:site_name\" content=\"MJC Veynes\" \/>\n<meta property=\"article:modified_time\" content=\"2024-08-29T10:09:48+00:00\" \/>\n<meta property=\"og:image\" content=\"https:\/\/mjcveynes.fr\/wp-content\/uploads\/2022\/11\/77D451BE-87AF-4477-B352-3E8F8802E732.jpeg\" \/>\n\t<meta property=\"og:image:width\" content=\"450\" \/>\n\t<meta property=\"og:image:height\" content=\"450\" \/>\n\t<meta property=\"og:image:type\" content=\"image\/jpeg\" \/>\n<meta name=\"twitter:card\" content=\"summary_large_image\" \/>\n<meta name=\"twitter:label1\" content=\"Dur\u00e9e de lecture estim\u00e9e\" \/>\n\t<meta name=\"twitter:data1\" content=\"3 minutes\" \/>\n<script type=\"application\/ld+json\" class=\"yoast-schema-graph\">{\"@context\":\"https:\/\/schema.org\",\"@graph\":[{\"@type\":\"WebPage\",\"@id\":\"https:\/\/mjcveynes.fr\/index.php\/danses-classique-et-contemporaine\/\",\"url\":\"https:\/\/mjcveynes.fr\/index.php\/danses-classique-et-contemporaine\/\",\"name\":\"Danses classique et contemporaine - MJC Veynes\",\"isPartOf\":{\"@id\":\"https:\/\/mjcveynes.fr\/#website\"},\"primaryImageOfPage\":{\"@id\":\"https:\/\/mjcveynes.fr\/index.php\/danses-classique-et-contemporaine\/#primaryimage\"},\"image\":{\"@id\":\"https:\/\/mjcveynes.fr\/index.php\/danses-classique-et-contemporaine\/#primaryimage\"},\"thumbnailUrl\":\"https:\/\/mjcveynes.fr\/wp-content\/uploads\/2022\/11\/77D451BE-87AF-4477-B352-3E8F8802E732.jpeg\",\"datePublished\":\"2022-09-11T18:39:25+00:00\",\"dateModified\":\"2024-08-29T10:09:48+00:00\",\"breadcrumb\":{\"@id\":\"https:\/\/mjcveynes.fr\/index.php\/danses-classique-et-contemporaine\/#breadcrumb\"},\"inLanguage\":\"fr-FR\",\"potentialAction\":[{\"@type\":\"ReadAction\",\"target\":[\"https:\/\/mjcveynes.fr\/index.php\/danses-classique-et-contemporaine\/\"]}]},{\"@type\":\"ImageObject\",\"inLanguage\":\"fr-FR\",\"@id\":\"https:\/\/mjcveynes.fr\/index.php\/danses-classique-et-contemporaine\/#primaryimage\",\"url\":\"https:\/\/mjcveynes.fr\/wp-content\/uploads\/2022\/11\/77D451BE-87AF-4477-B352-3E8F8802E732.jpeg\",\"contentUrl\":\"https:\/\/mjcveynes.fr\/wp-content\/uploads\/2022\/11\/77D451BE-87AF-4477-B352-3E8F8802E732.jpeg\",\"width\":450,\"height\":450},{\"@type\":\"BreadcrumbList\",\"@id\":\"https:\/\/mjcveynes.fr\/index.php\/danses-classique-et-contemporaine\/#breadcrumb\",\"itemListElement\":[{\"@type\":\"ListItem\",\"position\":1,\"name\":\"Accueil\",\"item\":\"https:\/\/mjcveynes.fr\/\"},{\"@type\":\"ListItem\",\"position\":2,\"name\":\"Danses classique et contemporaine\"}]},{\"@type\":\"WebSite\",\"@id\":\"https:\/\/mjcveynes.fr\/#website\",\"url\":\"https:\/\/mjcveynes.fr\/\",\"name\":\"MJC Veynes\",\"description\":\"La culture pour tous !\",\"publisher\":{\"@id\":\"https:\/\/mjcveynes.fr\/#organization\"},\"potentialAction\":[{\"@type\":\"SearchAction\",\"target\":{\"@type\":\"EntryPoint\",\"urlTemplate\":\"https:\/\/mjcveynes.fr\/?s={search_term_string}\"},\"query-input\":\"required name=search_term_string\"}],\"inLanguage\":\"fr-FR\"},{\"@type\":\"Organization\",\"@id\":\"https:\/\/mjcveynes.fr\/#organization\",\"name\":\"MJC Veynes\",\"url\":\"https:\/\/mjcveynes.fr\/\",\"logo\":{\"@type\":\"ImageObject\",\"inLanguage\":\"fr-FR\",\"@id\":\"https:\/\/mjcveynes.fr\/#\/schema\/logo\/image\/\",\"url\":\"https:\/\/mjcveynes.fr\/wp-content\/uploads\/2022\/05\/cropped-767A944F-54C1-4303-AE32-1CBAEE7FB33A.png\",\"contentUrl\":\"https:\/\/mjcveynes.fr\/wp-content\/uploads\/2022\/05\/cropped-767A944F-54C1-4303-AE32-1CBAEE7FB33A.png\",\"width\":1993,\"height\":1915,\"caption\":\"MJC Veynes\"},\"image\":{\"@id\":\"https:\/\/mjcveynes.fr\/#\/schema\/logo\/image\/\"}}]}<\/script>\n<!-- \/ Yoast SEO plugin. -->","yoast_head_json":{"title":"Danses classique et contemporaine - MJC Veynes","robots":{"index":"index","follow":"follow","max-snippet":"max-snippet:-1","max-image-preview":"max-image-preview:large","max-video-preview":"max-video-preview:-1"},"canonical":"https:\/\/mjcveynes.fr\/index.php\/danses-classique-et-contemporaine\/","og_locale":"fr_FR","og_type":"article","og_title":"Danses classique et contemporaine - MJC Veynes","og_description":"Danse \u00e9veil: Le cours d&rsquo;\u00e9veil(4 \u00e0 6 ans) est construit autour de la d\u00e9couverte du mouvement, de son corps, de la musique, de la sc\u00e8ne et des autres. Il s&rsquo;agit d&rsquo;une invitation \u00e0 la danse \u00e0 travers des activit\u00e9s de psychomotricit\u00e9, de rythme de cr\u00e9ativit\u00e9 et de m\u00e9morisation de chor\u00e9graphies.\u00a0\u00a0\u00a0\u00a0\u00a0\u00a0\u00a0\u00a0\u00a0\u00a0\u00a0\u00a0\u00a0\u00a0\u00a0\u00a0\u00a0\u00a0\u00a0\u00a0\u00a0\u00a0\u00a0\u00a0\u00a0\u00a0\u00a0\u00a0\u00a0\u00a0\u00a0\u00a0\u00a0\u00a0\u00a0\u00a0\u00a0 C&rsquo;est une accumulation d&rsquo;\u00e9l\u00e9ments fondateurs [&hellip;]","og_url":"https:\/\/mjcveynes.fr\/index.php\/danses-classique-et-contemporaine\/","og_site_name":"MJC Veynes","article_modified_time":"2024-08-29T10:09:48+00:00","og_image":[{"width":450,"height":450,"url":"https:\/\/mjcveynes.fr\/wp-content\/uploads\/2022\/11\/77D451BE-87AF-4477-B352-3E8F8802E732.jpeg","type":"image\/jpeg"}],"twitter_card":"summary_large_image","twitter_misc":{"Dur\u00e9e de lecture estim\u00e9e":"3 minutes"},"schema":{"@context":"https:\/\/schema.org","@graph":[{"@type":"WebPage","@id":"https:\/\/mjcveynes.fr\/index.php\/danses-classique-et-contemporaine\/","url":"https:\/\/mjcveynes.fr\/index.php\/danses-classique-et-contemporaine\/","name":"Danses classique et contemporaine - MJC Veynes","isPartOf":{"@id":"https:\/\/mjcveynes.fr\/#website"},"primaryImageOfPage":{"@id":"https:\/\/mjcveynes.fr\/index.php\/danses-classique-et-contemporaine\/#primaryimage"},"image":{"@id":"https:\/\/mjcveynes.fr\/index.php\/danses-classique-et-contemporaine\/#primaryimage"},"thumbnailUrl":"https:\/\/mjcveynes.fr\/wp-content\/uploads\/2022\/11\/77D451BE-87AF-4477-B352-3E8F8802E732.jpeg","datePublished":"2022-09-11T18:39:25+00:00","dateModified":"2024-08-29T10:09:48+00:00","breadcrumb":{"@id":"https:\/\/mjcveynes.fr\/index.php\/danses-classique-et-contemporaine\/#breadcrumb"},"inLanguage":"fr-FR","potentialAction":[{"@type":"ReadAction","target":["https:\/\/mjcveynes.fr\/index.php\/danses-classique-et-contemporaine\/"]}]},{"@type":"ImageObject","inLanguage":"fr-FR","@id":"https:\/\/mjcveynes.fr\/index.php\/danses-classique-et-contemporaine\/#primaryimage","url":"https:\/\/mjcveynes.fr\/wp-content\/uploads\/2022\/11\/77D451BE-87AF-4477-B352-3E8F8802E732.jpeg","contentUrl":"https:\/\/mjcveynes.fr\/wp-content\/uploads\/2022\/11\/77D451BE-87AF-4477-B352-3E8F8802E732.jpeg","width":450,"height":450},{"@type":"BreadcrumbList","@id":"https:\/\/mjcveynes.fr\/index.php\/danses-classique-et-contemporaine\/#breadcrumb","itemListElement":[{"@type":"ListItem","position":1,"name":"Accueil","item":"https:\/\/mjcveynes.fr\/"},{"@type":"ListItem","position":2,"name":"Danses classique et contemporaine"}]},{"@type":"WebSite","@id":"https:\/\/mjcveynes.fr\/#website","url":"https:\/\/mjcveynes.fr\/","name":"MJC Veynes","description":"La culture pour tous !","publisher":{"@id":"https:\/\/mjcveynes.fr\/#organization"},"potentialAction":[{"@type":"SearchAction","target":{"@type":"EntryPoint","urlTemplate":"https:\/\/mjcveynes.fr\/?s={search_term_string}"},"query-input":"required name=search_term_string"}],"inLanguage":"fr-FR"},{"@type":"Organization","@id":"https:\/\/mjcveynes.fr\/#organization","name":"MJC Veynes","url":"https:\/\/mjcveynes.fr\/","logo":{"@type":"ImageObject","inLanguage":"fr-FR","@id":"https:\/\/mjcveynes.fr\/#\/schema\/logo\/image\/","url":"https:\/\/mjcveynes.fr\/wp-content\/uploads\/2022\/05\/cropped-767A944F-54C1-4303-AE32-1CBAEE7FB33A.png","contentUrl":"https:\/\/mjcveynes.fr\/wp-content\/uploads\/2022\/05\/cropped-767A944F-54C1-4303-AE32-1CBAEE7FB33A.png","width":1993,"height":1915,"caption":"MJC Veynes"},"image":{"@id":"https:\/\/mjcveynes.fr\/#\/schema\/logo\/image\/"}}]}},"_links":{"self":[{"href":"https:\/\/mjcveynes.fr\/index.php\/wp-json\/wp\/v2\/pages\/120","targetHints":{"allow":["GET"]}}],"collection":[{"href":"https:\/\/mjcveynes.fr\/index.php\/wp-json\/wp\/v2\/pages"}],"about":[{"href":"https:\/\/mjcveynes.fr\/index.php\/wp-json\/wp\/v2\/types\/page"}],"author":[{"embeddable":true,"href":"https:\/\/mjcveynes.fr\/index.php\/wp-json\/wp\/v2\/users\/1"}],"replies":[{"embeddable":true,"href":"https:\/\/mjcveynes.fr\/index.php\/wp-json\/wp\/v2\/comments?post=120"}],"version-history":[{"count":7,"href":"https:\/\/mjcveynes.fr\/index.php\/wp-json\/wp\/v2\/pages\/120\/revisions"}],"predecessor-version":[{"id":1253,"href":"https:\/\/mjcveynes.fr\/index.php\/wp-json\/wp\/v2\/pages\/120\/revisions\/1253"}],"wp:featuredmedia":[{"embeddable":true,"href":"https:\/\/mjcveynes.fr\/index.php\/wp-json\/wp\/v2\/media\/310"}],"wp:attachment":[{"href":"https:\/\/mjcveynes.fr\/index.php\/wp-json\/wp\/v2\/media?parent=120"}],"curies":[{"name":"wp","href":"https:\/\/api.w.org\/{rel}","templated":true}]}}